{"id":309,"date":"2016-04-18T13:14:50","date_gmt":"2016-04-18T13:14:50","guid":{"rendered":"http:\/\/www.asambleasaavedra.mdc.com.ar\/?page_id=309"},"modified":"2016-07-06T04:30:23","modified_gmt":"2016-07-06T04:30:23","slug":"biblioteca","status":"publish","type":"page","link":"http:\/\/asambleasaavedra.mdc.com.ar\/?page_id=309","title":{"rendered":"BIBLIOTECA"},"content":{"rendered":"<p><a href=\"http:\/\/www.asambleasaavedra.mdc.com.ar\/wp-content\/uploads\/home_biblioteca.jpg\" rel=\"attachment wp-att-357\"><img loading=\"lazy\" decoding=\"async\" class=\"size-medium wp-image-357 aligncenter\" src=\"http:\/\/www.asambleasaavedra.mdc.com.ar\/wp-content\/uploads\/home_biblioteca-640x210.jpg\" alt=\"home_biblioteca\" width=\"640\" height=\"210\" srcset=\"http:\/\/asambleasaavedra.mdc.com.ar\/wp-content\/uploads\/home_biblioteca-640x210.jpg 640w, http:\/\/asambleasaavedra.mdc.com.ar\/wp-content\/uploads\/home_biblioteca.jpg 700w\" sizes=\"auto, (max-width: 640px) 100vw, 640px\" \/><\/a><\/p>\n<p><a href=\"http:\/\/www.asambleasaavedra.mdc.com.ar\/wp-content\/uploads\/Informe-Sobre-El-Arroyo-Medrano.pdf\" target=\"_blank\"><img loading=\"lazy\" decoding=\"async\" class=\"alignnone wp-image-303 size-full\" src=\"http:\/\/www.asambleasaavedra.mdc.com.ar\/wp-content\/uploads\/pdf-e1460984641601.jpg\" alt=\"pdf\" width=\"25\" height=\"21\" \/><\/a>\u00a0 \u00a0<a href=\"http:\/\/www.asambleasaavedra.mdc.com.ar\/wp-content\/uploads\/Informe-Sobre-El-Arroyo-Medrano.pdf\" target=\"_blank\" rel=\"\">Informe-Sobre-El-Arroyo-Medrano<\/a><\/p>\n<p><a href=\"http:\/\/www.asambleasaavedra.mdc.com.ar\/documentos\/Resumen%20Ejecutivo%20del%20Plan%20Director_Enero%202006.pdf\" target=\"_blank\"><img loading=\"lazy\" decoding=\"async\" class=\"alignnone wp-image-303 size-full\" src=\"http:\/\/www.asambleasaavedra.mdc.com.ar\/wp-content\/uploads\/pdf-e1460984641601.jpg\" alt=\"pdf\" width=\"25\" height=\"21\" \/><\/a>\u00a0 <a href=\"http:\/\/www.asambleasaavedra.mdc.com.ar\/documentos\/Resumen%20Ejecutivo%20del%20Plan%20Director_Enero%202006.pdf\" target=\"_blank\" rel=\"attachment wp-att-303\">Resumen Ejecutivo del Plan Director_Enero 2006.pdf<\/a><\/p>\n<p><a href=\"http:\/\/www.asambleasaavedra.mdc.com.ar\/documentos\/Tomo%20I.pdf\" target=\"_blank\"><img loading=\"lazy\" decoding=\"async\" class=\"alignnone wp-image-303 size-full\" src=\"http:\/\/www.asambleasaavedra.mdc.com.ar\/wp-content\/uploads\/pdf-e1460984641601.jpg\" alt=\"pdf\" width=\"25\" height=\"21\" \/><\/a>\u00a0\u00a0<a href=\"http:\/\/www.asambleasaavedra.mdc.com.ar\/documentos\/Tomo%20I.pdf\" target=\"_blank\">Plan Director de Ordenamiento Hidr\u00e1ulico y Control de Inundaciones de la CABA Tomo I<\/a><\/p>\n<p><a href=\"http:\/\/www.asambleasaavedra.mdc.com.ar\/documentos\/Tomo%20II.pdf\" target=\"_blank\" rel=\"attachment wp-att-303\"><img loading=\"lazy\" decoding=\"async\" class=\"alignnone wp-image-303 size-full\" src=\"http:\/\/www.asambleasaavedra.mdc.com.ar\/wp-content\/uploads\/pdf-e1460984641601.jpg\" alt=\"pdf\" width=\"25\" height=\"21\" \/><\/a> <a href=\"http:\/\/www.asambleasaavedra.mdc.com.ar\/documentos\/Tomo%20II.pdf\" target=\"_blank\">Plan Director de Ordenamiento Hidr\u00e1ulico y Control de Inundaciones de la CABA Tomo II<\/a><\/p>\n<p><a href=\"http:\/\/www.asambleasaavedra.mdc.com.ar\/documentos\/planos%20y%20fotos%20cuenca%20medrano.zip\" target=\"_blank\"><img loading=\"lazy\" decoding=\"async\" class=\"alignnone wp-image-337 size-full\" src=\"http:\/\/www.asambleasaavedra.mdc.com.ar\/wp-content\/uploads\/4__winrar-e1461028543489.png\" alt=\"4__winrar\" width=\"25\" height=\"25\" \/><\/a>\u00a0 <a href=\"http:\/\/www.asambleasaavedra.mdc.com.ar\/documentos\/planos%20y%20fotos%20cuenca%20medrano.zip\" target=\"_blank\">Planos y fotos Cuenca Arroyo Medrano.zip<\/a><\/p>\n<p><a href=\"http:\/\/www.asambleasaavedra.mdc.com.ar\/documentos\/INUNDACIONES,%20economia%20ambiental.doc\" target=\"_blank\"><img loading=\"lazy\" decoding=\"async\" class=\"alignnone wp-image-312 size-full\" src=\"http:\/\/www.asambleasaavedra.mdc.com.ar\/wp-content\/uploads\/MS-Word-button-e1460985983477.jpg\" alt=\"MS-Word-button\" width=\"25\" height=\"25\" \/><\/a>\u00a0\u00a0<a href=\"http:\/\/www.asambleasaavedra.mdc.com.ar\/documentos\/INUNDACIONES,%20economia%20ambiental.doc\" target=\"_blank\">LOS ASPECTOS ECONOMICOS DE LAS INUNDACIONES.doc<\/a><\/p>\n<p><a href=\"http:\/\/www.asambleasaavedra.mdc.com.ar\/documentos\/Incidencia%20de%20aspectos%20naturales%20y%20antropicos%20en%20los%20anegamientos%20de%20la%20ciudad%20de%20Bs%20As..pdf\" target=\"_blank\" rel=\"attachment wp-att-303\"><img loading=\"lazy\" decoding=\"async\" class=\"alignnone wp-image-303 size-full\" src=\"http:\/\/www.asambleasaavedra.mdc.com.ar\/wp-content\/uploads\/pdf-e1460984641601.jpg\" alt=\"pdf\" width=\"25\" height=\"21\" \/><\/a>\u00a0\u00a0<a href=\"http:\/\/www.asambleasaavedra.mdc.com.ar\/documentos\/Incidencia%20de%20aspectos%20naturales%20y%20antropicos%20en%20los%20anegamientos%20de%20la%20ciudad%20de%20Bs%20As..pdf\" target=\"_blank\">Incidencia de aspectos naturales y antr\u00f3picos en los anegamientos de la ciudad de Buenos Aires<\/a><\/p>\n<p><a href=\"http:\/\/www.asambleasaavedra.mdc.com.ar\/documentos\/SSRH-USAM%20-%20Informe%20Final%20del%20Proyecto.pdf\" target=\"_blank\" rel=\"attachment wp-att-303\"><img loading=\"lazy\" decoding=\"async\" class=\"alignnone wp-image-303 size-full\" src=\"http:\/\/www.asambleasaavedra.mdc.com.ar\/wp-content\/uploads\/pdf-e1460984641601.jpg\" alt=\"pdf\" width=\"25\" height=\"21\" \/><\/a>\u00a0 <a href=\"http:\/\/www.asambleasaavedra.mdc.com.ar\/documentos\/SSRH-USAM%20-%20Informe%20Final%20del%20Proyecto.pdf\" target=\"_blank\">Informe Universidad Nacional de San Martin Reservorio Arroyo Medrano en Villa Martelli<\/a><\/p>\n<p><a href=\"http:\/\/www.asambleasaavedra.mdc.com.ar\/wp-content\/uploads\/wmo_1145_es-1.pdf\" target=\"_blank\" rel=\"attachment wp-att-303\"><img loading=\"lazy\" decoding=\"async\" class=\"alignnone wp-image-303 size-full\" src=\"http:\/\/www.asambleasaavedra.mdc.com.ar\/wp-content\/uploads\/pdf-e1460984641601.jpg\" alt=\"pdf\" width=\"25\" height=\"21\" \/><\/a>\u00a0 <a href=\"http:\/\/www.asambleasaavedra.mdc.com.ar\/wp-content\/uploads\/wmo_1145_es-1.pdf\" target=\"_blank\" rel=\"\">Observaci\u00f3n y predicci\u00f3n de El Ni\u00f1o\/Oscilaci\u00f3n del Sur &#8211; Organizaci\u00f3n Meteorol\u00f3gica Mundial<\/a><\/p>\n<p><a href=\"http:\/\/www.asambleasaavedra.mdc.com.ar\/wp-content\/uploads\/pdf-e1460984641601.jpg\" rel=\"attachment wp-att-303\"><img loading=\"lazy\" decoding=\"async\" class=\"alignnone size-full wp-image-303\" src=\"http:\/\/www.asambleasaavedra.mdc.com.ar\/wp-content\/uploads\/pdf-e1460984641601.jpg\" alt=\"pdf\" width=\"25\" height=\"21\" \/><\/a>\u00a0\u00a0\u00a0 <a href=\"http:\/\/www.asambleasaavedra.mdc.com.ar\/wp-content\/uploads\/orda-1885-218-inundaciones-en-buenos-aires-como-analizar-el-componente-institucional-en-la-construccion-social-del-riesgo.pdf\" target=\"_blank\" rel=\"\">Inundaciones en Bs. As. Como analizar el componente institucional en la construcci\u00f3n social del riesgo.<\/a><\/p>\n<p><a href=\"http:\/\/www.asambleasaavedra.mdc.com.ar\/wp-content\/uploads\/Analisis_hidra%CC%81ulico_Cuenca_Arroyo_Medrano_Hallcrow.pdf\" target=\"_blank\" rel=\"attachment wp-att-303\"><img loading=\"lazy\" decoding=\"async\" class=\"alignnone wp-image-303 size-full\" src=\"http:\/\/www.asambleasaavedra.mdc.com.ar\/wp-content\/uploads\/pdf-e1460984641601.jpg\" alt=\"pdf\" width=\"25\" height=\"21\" \/><\/a>\u00a0\u00a0<a href=\"http:\/\/www.asambleasaavedra.mdc.com.ar\/wp-content\/uploads\/Analisis_hidra\u0301ulico_Cuenca_Arroyo_Medrano_Hallcrow.pdf\" target=\"_blank\" rel=\"\">Analisis hidra\u0301ulico Cuenca Arroyo Medrano Hallcrow<\/a><\/p>\n<p><a href=\"http:\/\/www.asambleasaavedra.mdc.com.ar\/wp-content\/uploads\/Informe-Areco-II-1.pdf\" target=\"_blank\" rel=\"attachment wp-att-303\"><img loading=\"lazy\" decoding=\"async\" class=\"alignnone wp-image-303 size-full\" src=\"http:\/\/www.asambleasaavedra.mdc.com.ar\/wp-content\/uploads\/pdf-e1460984641601.jpg\" alt=\"pdf\" width=\"25\" height=\"21\" \/><\/a>\u00a0\u00a0<a href=\"http:\/\/www.asambleasaavedra.mdc.com.ar\/wp-content\/uploads\/Informe-Areco-II-1.pdf\" target=\"_blank\" rel=\"\">Informe Areco &#8211; II<\/a><\/p>\n<p><a href=\"http:\/\/www.asambleasaavedra.mdc.com.ar\/wp-content\/uploads\/Informe-Nadale-pluviales-2012-2013.pdf\" target=\"_blank\" rel=\"attachment wp-att-303\"><img loading=\"lazy\" decoding=\"async\" class=\"alignnone wp-image-303 size-full\" src=\"http:\/\/www.asambleasaavedra.mdc.com.ar\/wp-content\/uploads\/pdf-e1460984641601.jpg\" alt=\"pdf\" width=\"25\" height=\"21\" \/><\/a>\u00a0\u00a0<a href=\"http:\/\/www.asambleasaavedra.mdc.com.ar\/wp-content\/uploads\/Informe-Nadale-pluviales-2012-2013.pdf\" target=\"_blank\" rel=\"\">Informe Nadale (pluviales): Mapa de Lluvias del \u00c1mbito Metropolitano de Buenos Aires A\u00f1os 2012- 2013<\/a><\/p>\n<p><a href=\"http:\/\/www.asambleasaavedra.mdc.com.ar\/wp-content\/uploads\/Meteorologi\u0301a-y-prevencio\u0301n-de-desastres.pdf\" target=\"_blank\"><img loading=\"lazy\" decoding=\"async\" class=\"alignnone wp-image-303 size-full\" src=\"http:\/\/www.asambleasaavedra.mdc.com.ar\/wp-content\/uploads\/pdf-e1460984641601.jpg\" alt=\"pdf\" width=\"25\" height=\"21\" \/><\/a>\u00a0 <a href=\"http:\/\/www.asambleasaavedra.mdc.com.ar\/wp-content\/uploads\/Meteorologi\u0301a-y-prevencio\u0301n-de-desastres.pdf\" target=\"_blank\">Meteorologi\u0301a y prevencio\u0301n de desastres<\/a><\/p>\n<a class=\"synved-social-button synved-social-button-share synved-social-size-48 synved-social-resolution-single synved-social-provider-facebook nolightbox\" data-provider=\"facebook\" target=\"_blank\" rel=\"nofollow\" title=\"Share on Facebook\" href=\"http:\/\/www.facebook.com\/sharer.php?u=http%3A%2F%2Fasambleasaavedra.mdc.com.ar%2Findex.php%3Frest_route%3D%252Fwp%252Fv2%252Fpages%252F309&#038;t=BIBLIOTECA&#038;s=100&#038;p&#091;url&#093;=http%3A%2F%2Fasambleasaavedra.mdc.com.ar%2Findex.php%3Frest_route%3D%252Fwp%252Fv2%252Fpages%252F309&#038;p&#091;images&#093;&#091;0&#093;=http%3A%2F%2Fwww.asambleasaavedra.mdc.com.ar%2Fwp-content%2Fuploads%2Fhome_biblioteca-640x210.jpg&#038;p&#091;title&#093;=BIBLIOTECA\" style=\"font-size: 0px;width:48px;height:48px;margin:0;margin-bottom:5px;margin-right:5px\"><img loading=\"lazy\" decoding=\"async\" alt=\"Facebook\" title=\"Share on Facebook\" class=\"synved-share-image synved-social-image synved-social-image-share\" width=\"48\" height=\"48\" style=\"display: inline;width:48px;height:48px;margin: 0;padding: 0;border: none;box-shadow: none\" src=\"http:\/\/asambleasaavedra.mdc.com.ar\/wp-content\/plugins\/social-media-feather\/synved-social\/image\/social\/regular\/96x96\/facebook.png\" \/><\/a><a class=\"synved-social-button synved-social-button-share synved-social-size-48 synved-social-resolution-single synved-social-provider-twitter nolightbox\" data-provider=\"twitter\" target=\"_blank\" rel=\"nofollow\" title=\"Share on Twitter\" href=\"https:\/\/twitter.com\/intent\/tweet?url=http%3A%2F%2Fasambleasaavedra.mdc.com.ar%2Findex.php%3Frest_route%3D%252Fwp%252Fv2%252Fpages%252F309&#038;text=Hey%20check%20this%20out\" style=\"font-size: 0px;width:48px;height:48px;margin:0;margin-bottom:5px\"><img loading=\"lazy\" decoding=\"async\" alt=\"twitter\" title=\"Share on Twitter\" class=\"synved-share-image synved-social-image synved-social-image-share\" width=\"48\" height=\"48\" style=\"display: inline;width:48px;height:48px;margin: 0;padding: 0;border: none;box-shadow: none\" src=\"http:\/\/asambleasaavedra.mdc.com.ar\/wp-content\/plugins\/social-media-feather\/synved-social\/image\/social\/regular\/96x96\/twitter.png\" \/><\/a>","protected":false},"excerpt":{"rendered":"\u00a0 \u00a0Informe-Sobre-El-Arroyo-Medrano \u00a0 Resumen Ejecutivo del Plan Director_Enero 2006.pdf \u00a0\u00a0Plan Director de Ordenamiento Hidr\u00e1ulico y Control de Inundaciones de la CABA Tomo I \n<a class=\"moretag\" href=\"http:\/\/asambleasaavedra.mdc.com.ar\/?page_id=309\"> [...]<\/a>","protected":false},"author":1,"featured_media":0,"parent":0,"menu_order":0,"comment_status":"closed","ping_status":"closed","template":"","meta":{"_exactmetrics_skip_tracking":false,"_exactmetrics_sitenote_active":false,"_exactmetrics_sitenote_note":"","_exactmetrics_sitenote_category":0,"footnotes":""},"class_list":["post-309","page","type-page","status-publish","hentry"],"_links":{"self":[{"href":"http:\/\/asambleasaavedra.mdc.com.ar\/index.php?rest_route=\/wp\/v2\/pages\/309","targetHints":{"allow":["GET"]}}],"collection":[{"href":"http:\/\/asambleasaavedra.mdc.com.ar\/index.php?rest_route=\/wp\/v2\/pages"}],"about":[{"href":"http:\/\/asambleasaavedra.mdc.com.ar\/index.php?rest_route=\/wp\/v2\/types\/page"}],"author":[{"embeddable":true,"href":"http:\/\/asambleasaavedra.mdc.com.ar\/index.php?rest_route=\/wp\/v2\/users\/1"}],"replies":[{"embeddable":true,"href":"http:\/\/asambleasaavedra.mdc.com.ar\/index.php?rest_route=%2Fwp%2Fv2%2Fcomments&post=309"}],"version-history":[{"count":31,"href":"http:\/\/asambleasaavedra.mdc.com.ar\/index.php?rest_route=\/wp\/v2\/pages\/309\/revisions"}],"predecessor-version":[{"id":448,"href":"http:\/\/asambleasaavedra.mdc.com.ar\/index.php?rest_route=\/wp\/v2\/pages\/309\/revisions\/448"}],"wp:attachment":[{"href":"http:\/\/asambleasaavedra.mdc.com.ar\/index.php?rest_route=%2Fwp%2Fv2%2Fmedia&parent=309"}],"curies":[{"name":"wp","href":"https:\/\/api.w.org\/{rel}","templated":true}]}}