{"id":166,"date":"2016-03-29T00:35:17","date_gmt":"2016-03-29T00:35:17","guid":{"rendered":"http:\/\/www.asambleasaavedra.mdc.com.ar\/?page_id=166"},"modified":"2016-06-06T00:46:54","modified_gmt":"2016-06-06T00:46:54","slug":"ggg","status":"publish","type":"page","link":"http:\/\/asambleasaavedra.mdc.com.ar\/?page_id=166","title":{"rendered":"QUIENES SOMOS"},"content":{"rendered":"<p><a href=\"http:\/\/www.asambleasaavedra.mdc.com.ar\/wp-content\/uploads\/asaactas.jpg\" rel=\"attachment wp-att-7\"><img loading=\"lazy\" decoding=\"async\" class=\" wp-image-7 aligncenter\" src=\"http:\/\/www.asambleasaavedra.mdc.com.ar\/wp-content\/uploads\/asaactas-300x213.jpg\" alt=\"asaactas\" width=\"397\" height=\"282\" srcset=\"http:\/\/asambleasaavedra.mdc.com.ar\/wp-content\/uploads\/asaactas-300x213.jpg 300w, http:\/\/asambleasaavedra.mdc.com.ar\/wp-content\/uploads\/asaactas.jpg 581w\" sizes=\"auto, (max-width: 397px) 100vw, 397px\" \/><\/a><\/p>\n<p style=\"text-align: justify;\">La Asamblea Saavedra de Vecinos Inundados Autoconvocados, tiene su origen a partir de la inundaci\u00f3n del 6 de diciembre de 2012, que afecto a miles de vecinos y desde entonces no tuvo ninguna discontinuidad.<\/p>\n<p style=\"text-align: justify;\">La necesidad del barrio de defender nuestros derechos y nuestro espacio p\u00fablico, ante la decid\u00eda del Gobierno de la Ciudad de Buenos Aires, forz\u00f3 a los vecinos a autoconvocarse y a organizarse desde el principio de ciudadan\u00eda (es decir el derecho a tener derechos) sin ning\u00fan tipo de orientaci\u00f3n pol\u00edtica, solo como ciudadanos a los cuales se les han vulnerado sus derechos.<\/p>\n<p style=\"text-align: center;\"><a href=\"http:\/\/www.asambleasaavedra.mdc.com.ar\/wp-content\/uploads\/logofi.jpg\" rel=\"attachment wp-att-199\"><img loading=\"lazy\" decoding=\"async\" class=\"size-full wp-image-199 aligncenter\" src=\"http:\/\/www.asambleasaavedra.mdc.com.ar\/wp-content\/uploads\/logofi.jpg\" alt=\"logofi\" width=\"421\" height=\"85\" \/><br \/>\n<\/a><a href=\"mailto:info@asambleasaavedra.com.ar\">info@asambleasaavedra.com.ar<\/a><\/p>\n<a class=\"synved-social-button synved-social-button-share synved-social-size-48 synved-social-resolution-single synved-social-provider-facebook nolightbox\" data-provider=\"facebook\" target=\"_blank\" rel=\"nofollow\" title=\"Share on Facebook\" href=\"http:\/\/www.facebook.com\/sharer.php?u=http%3A%2F%2Fasambleasaavedra.mdc.com.ar%2Findex.php%3Frest_route%3D%252Fwp%252Fv2%252Fpages%252F166&#038;t=QUIENES%20SOMOS&#038;s=100&#038;p&#091;url&#093;=http%3A%2F%2Fasambleasaavedra.mdc.com.ar%2Findex.php%3Frest_route%3D%252Fwp%252Fv2%252Fpages%252F166&#038;p&#091;images&#093;&#091;0&#093;=http%3A%2F%2Fasambleasaavedra.mdc.com.ar%2Fwp-content%2Fuploads%2FTaller-6.jpg&#038;p&#091;title&#093;=QUIENES%20SOMOS\" style=\"font-size: 0px;width:48px;height:48px;margin:0;margin-bottom:5px;margin-right:5px\"><img loading=\"lazy\" decoding=\"async\" alt=\"Facebook\" title=\"Share on Facebook\" class=\"synved-share-image synved-social-image synved-social-image-share\" width=\"48\" height=\"48\" style=\"display: inline;width:48px;height:48px;margin: 0;padding: 0;border: none;box-shadow: none\" src=\"http:\/\/asambleasaavedra.mdc.com.ar\/wp-content\/plugins\/social-media-feather\/synved-social\/image\/social\/regular\/96x96\/facebook.png\" \/><\/a><a class=\"synved-social-button synved-social-button-share synved-social-size-48 synved-social-resolution-single synved-social-provider-twitter nolightbox\" data-provider=\"twitter\" target=\"_blank\" rel=\"nofollow\" title=\"Share on Twitter\" href=\"https:\/\/twitter.com\/intent\/tweet?url=http%3A%2F%2Fasambleasaavedra.mdc.com.ar%2Findex.php%3Frest_route%3D%252Fwp%252Fv2%252Fpages%252F166&#038;text=Hey%20check%20this%20out\" style=\"font-size: 0px;width:48px;height:48px;margin:0;margin-bottom:5px\"><img loading=\"lazy\" decoding=\"async\" alt=\"twitter\" title=\"Share on Twitter\" class=\"synved-share-image synved-social-image synved-social-image-share\" width=\"48\" height=\"48\" style=\"display: inline;width:48px;height:48px;margin: 0;padding: 0;border: none;box-shadow: none\" src=\"http:\/\/asambleasaavedra.mdc.com.ar\/wp-content\/plugins\/social-media-feather\/synved-social\/image\/social\/regular\/96x96\/twitter.png\" \/><\/a>","protected":false},"excerpt":{"rendered":"La Asamblea Saavedra de Vecinos Inundados Autoconvocados, tiene su origen a partir de la inundaci\u00f3n del 6 de diciembre de 2012, que afecto \n<a class=\"moretag\" href=\"http:\/\/asambleasaavedra.mdc.com.ar\/?page_id=166\"> [...]<\/a>","protected":false},"author":1,"featured_media":155,"parent":0,"menu_order":0,"comment_status":"closed","ping_status":"closed","template":"","meta":{"_exactmetrics_skip_tracking":false,"_exactmetrics_sitenote_active":false,"_exactmetrics_sitenote_note":"","_exactmetrics_sitenote_category":0,"footnotes":""},"class_list":["post-166","page","type-page","status-publish","has-post-thumbnail","hentry"],"_links":{"self":[{"href":"http:\/\/asambleasaavedra.mdc.com.ar\/index.php?rest_route=\/wp\/v2\/pages\/166","targetHints":{"allow":["GET"]}}],"collection":[{"href":"http:\/\/asambleasaavedra.mdc.com.ar\/index.php?rest_route=\/wp\/v2\/pages"}],"about":[{"href":"http:\/\/asambleasaavedra.mdc.com.ar\/index.php?rest_route=\/wp\/v2\/types\/page"}],"author":[{"embeddable":true,"href":"http:\/\/asambleasaavedra.mdc.com.ar\/index.php?rest_route=\/wp\/v2\/users\/1"}],"replies":[{"embeddable":true,"href":"http:\/\/asambleasaavedra.mdc.com.ar\/index.php?rest_route=%2Fwp%2Fv2%2Fcomments&post=166"}],"version-history":[{"count":5,"href":"http:\/\/asambleasaavedra.mdc.com.ar\/index.php?rest_route=\/wp\/v2\/pages\/166\/revisions"}],"predecessor-version":[{"id":388,"href":"http:\/\/asambleasaavedra.mdc.com.ar\/index.php?rest_route=\/wp\/v2\/pages\/166\/revisions\/388"}],"wp:featuredmedia":[{"embeddable":true,"href":"http:\/\/asambleasaavedra.mdc.com.ar\/index.php?rest_route=\/wp\/v2\/media\/155"}],"wp:attachment":[{"href":"http:\/\/asambleasaavedra.mdc.com.ar\/index.php?rest_route=%2Fwp%2Fv2%2Fmedia&parent=166"}],"curies":[{"name":"wp","href":"https:\/\/api.w.org\/{rel}","templated":true}]}}